{"id":5759,"date":"2026-03-09T20:37:30","date_gmt":"2026-03-09T20:37:30","guid":{"rendered":"https:\/\/affilia.legal\/?post_type=nouvelles&#038;p=5759"},"modified":"2026-03-09T20:39:36","modified_gmt":"2026-03-09T20:39:36","slug":"affilia-ruelle-hochelaga-travail-force-jeunes","status":"publish","type":"nouvelles","link":"https:\/\/affilia.legal\/en\/nouvelles\/affilia-ruelle-hochelaga-travail-force-jeunes\/","title":{"rendered":"Affilia \u00e0 La Ruelle d\u2019Hochelaga : parler du travail forc\u00e9 avec les jeunes"},"content":{"rendered":"\n<p>Le 24 f\u00e9vrier dernier, <a href=\"https:\/\/affilia.legal\/equipe\/florence-beauregard\/\">Florence Beauregard<\/a> a rencontr\u00e9 les jeunes du Comit\u00e9 des Droits de <a href=\"https:\/\/laruelledhochelaga.org\/\" target=\"_blank\" rel=\"noopener\">La Ruelle d\u2019Hochelaga <\/a>dans le cadre d\u2019un atelier consacr\u00e9 \u00e0 la lutte contre le travail forc\u00e9 et le travail des enfants. Cette activit\u00e9 avait pour objectif de mieux comprendre les r\u00e9alit\u00e9s qui se cachent derri\u00e8re ces enjeux et de donner aux jeunes des cl\u00e9s pour r\u00e9fl\u00e9chir, questionner et agir dans leur propre environnement.<\/p>\n\n\n\n<p>Tout au long de l\u2019atelier, Florence a pr\u00e9sent\u00e9, de mani\u00e8re concr\u00e8te et accessible, comment le travail forc\u00e9 et le travail des enfants peuvent appara\u00eetre dans diff\u00e9rentes parties du monde et dans diverses cha\u00eenes de production. Les \u00e9changes ont port\u00e9 sur le r\u00f4le des communaut\u00e9s locales, des entreprises et des institutions internationales, mais aussi sur la responsabilit\u00e9 de chacun lorsqu\u2019il s\u2019agit de s\u2019informer et de faire des choix plus \u00e9clair\u00e9s. Les questions et les commentaires des jeunes ont montr\u00e9 une grande curiosit\u00e9, un sens critique d\u00e9velopp\u00e9 et une r\u00e9elle ouverture \u00e0 ces sujets complexes.<\/p>\n\n\n\n<p>Chez Affilia, nous sommes convaincus que la sensibilisation et l\u2019\u00e9ducation font partie int\u00e9grante de la lutte contre le travail forc\u00e9 et le travail des enfants. Elles compl\u00e8tent le travail juridique et les d\u00e9marches de conformit\u00e9 que nous menons aupr\u00e8s des organisations, en pla\u00e7ant les droits humains et la dignit\u00e9 au centre des d\u00e9cisions. Participer \u00e0 des activit\u00e9s comme cet atelier nous permet de relier nos valeurs \u2013 respect des droits, responsabilit\u00e9, transparence \u2013 \u00e0 des initiatives concr\u00e8tes sur le terrain, en partenariat avec des acteurs engag\u00e9s.<\/p>\n\n\n\n<p>La Ruelle d\u2019Hochelaga, centre de p\u00e9diatrie sociale en communaut\u00e9, joue un r\u00f4le essentiel aupr\u00e8s des enfants et des familles du quartier Hochelaga\u2011Maisonneuve, en cr\u00e9ant des espaces o\u00f9 la parole des jeunes est entendue et prise au s\u00e9rieux. Nous remercions chaleureusement l\u2019\u00e9quipe de La Ruelle pour son accueil, sa confiance et son engagement continu envers les droits et le bien\u2011\u00eatre des jeunes. Affilia est fi\u00e8re de soutenir et de participer \u00e0 ce type d\u2019initiatives qui rejoignent directement nos valeurs et notre vision d\u2019une pratique du droit au service d\u2019un impact social positif.<\/p>\n\n\n\n<p><\/p>\n","protected":false},"excerpt":{"rendered":"<p>Le 24 f\u00e9vrier dernier, Florence Beauregard a rencontr\u00e9 les jeunes du Comit\u00e9 des Droits de La Ruelle d\u2019Hochelaga dans le cadre d\u2019un atelier consacr\u00e9 \u00e0 la lutte contre le travail forc\u00e9 et le travail des enfants. Cette activit\u00e9 avait pour objectif de mieux comprendre les r\u00e9alit\u00e9s qui se cachent derri\u00e8re ces enjeux et de donner [&hellip;]<\/p>\n","protected":false},"featured_media":5760,"template":"","nouvelle-categorie":[],"class_list":["post-5759","nouvelles","type-nouvelles","status-publish","has-post-thumbnail","hentry"],"acf":[],"_links":{"self":[{"href":"https:\/\/affilia.legal\/en\/wp-json\/wp\/v2\/nouvelles\/5759","targetHints":{"allow":["GET"]}}],"collection":[{"href":"https:\/\/affilia.legal\/en\/wp-json\/wp\/v2\/nouvelles"}],"about":[{"href":"https:\/\/affilia.legal\/en\/wp-json\/wp\/v2\/types\/nouvelles"}],"wp:featuredmedia":[{"embeddable":true,"href":"https:\/\/affilia.legal\/en\/wp-json\/wp\/v2\/media\/5760"}],"wp:attachment":[{"href":"https:\/\/affilia.legal\/en\/wp-json\/wp\/v2\/media?parent=5759"}],"wp:term":[{"taxonomy":"nouvelle-categorie","embeddable":true,"href":"https:\/\/affilia.legal\/en\/wp-json\/wp\/v2\/nouvelle-categorie?post=5759"}],"curies":[{"name":"wp","href":"https:\/\/api.w.org\/{rel}","templated":true}]}}